{"id":61564,"date":"2025-03-31T23:51:51","date_gmt":"2025-03-31T23:51:51","guid":{"rendered":"https:\/\/alquilerdecarpasquitoecuador.com\/?post_type=cpt_portfolio&#038;p=61564"},"modified":"2025-04-15T01:14:55","modified_gmt":"2025-04-15T01:14:55","slug":"vajilla","status":"publish","type":"cpt_portfolio","link":"https:\/\/alquilerdecarpasquitoecuador.com\/es\/catalogo\/vajilla\/","title":{"rendered":"Vajilla"},"content":{"rendered":"\n\n<div class=\"pgc-sgb-cb wp-block-pgcsimplygalleryblock-masonry \" data-gallery-id=\"c8c48968\"><div class=\"sgb-preloader\" id=\"pr_c8c48968\">\n\t<div class=\"sgb-square\" style=\"background:#d4d4d4\"><\/div>\n\t<div class=\"sgb-square\" style=\"background:#d4d4d4\"><\/div>\n\t<div class=\"sgb-square\" style=\"background:#d4d4d4\"><\/div>\n\t<div class=\"sgb-square\" style=\"background:#d4d4d4\"><\/div><\/div><div class=\"simply-gallery-amp pgc_sgb_slider \" style=\"display: none;\"><div class=\"sgb-gallery\"><div class=\"sgb-item\"><a href=\"https:\/\/alquilerdecarpasquitoecuador.com\/catalogo\/vajilla\/vajillas7\/\" target=\"_blank\"><img loading=\"lazy\" decoding=\"async\" alt=\"\" width=\"300\" height=\"224\" loading=\"lazy\" src=\"https:\/\/alquilerdecarpasquitoecuador.com\/wp-content\/uploads\/2025\/03\/vajillas7-300x224.jpg\" srcset=\"https:\/\/alquilerdecarpasquitoecuador.com\/wp-content\/uploads\/2025\/03\/vajillas7-300x224.jpg 300w,https:\/\/alquilerdecarpasquitoecuador.com\/wp-content\/uploads\/2025\/03\/vajillas7.jpg 890w\" sizes=\"auto, 250px\"\/><\/a><\/div><div class=\"sgb-item\"><a href=\"https:\/\/alquilerdecarpasquitoecuador.com\/catalogo\/vajilla\/vajillas6\/\" target=\"_blank\"><img loading=\"lazy\" decoding=\"async\" alt=\"\" width=\"300\" height=\"224\" loading=\"lazy\" src=\"https:\/\/alquilerdecarpasquitoecuador.com\/wp-content\/uploads\/2025\/03\/vajillas6-300x224.jpg\" srcset=\"https:\/\/alquilerdecarpasquitoecuador.com\/wp-content\/uploads\/2025\/03\/vajillas6-300x224.jpg 300w,https:\/\/alquilerdecarpasquitoecuador.com\/wp-content\/uploads\/2025\/03\/vajillas6.jpg 890w\" sizes=\"auto, 250px\"\/><\/a><\/div><div class=\"sgb-item\"><a href=\"https:\/\/alquilerdecarpasquitoecuador.com\/catalogo\/vajilla\/vajillas4\/\" target=\"_blank\"><img loading=\"lazy\" decoding=\"async\" alt=\"\" width=\"300\" height=\"224\" loading=\"lazy\" src=\"https:\/\/alquilerdecarpasquitoecuador.com\/wp-content\/uploads\/2025\/03\/vajillas4-300x224.jpg\" srcset=\"https:\/\/alquilerdecarpasquitoecuador.com\/wp-content\/uploads\/2025\/03\/vajillas4-300x224.jpg 300w,https:\/\/alquilerdecarpasquitoecuador.com\/wp-content\/uploads\/2025\/03\/vajillas4.jpg 890w\" sizes=\"auto, 250px\"\/><\/a><\/div><div class=\"sgb-item\"><a href=\"https:\/\/alquilerdecarpasquitoecuador.com\/catalogo\/vajilla\/vajillas3\/\" target=\"_blank\"><img loading=\"lazy\" decoding=\"async\" alt=\"\" width=\"300\" height=\"224\" loading=\"lazy\" src=\"https:\/\/alquilerdecarpasquitoecuador.com\/wp-content\/uploads\/2025\/03\/vajillas3-300x224.jpg\" srcset=\"https:\/\/alquilerdecarpasquitoecuador.com\/wp-content\/uploads\/2025\/03\/vajillas3-300x224.jpg 300w,https:\/\/alquilerdecarpasquitoecuador.com\/wp-content\/uploads\/2025\/03\/vajillas3.jpg 890w\" sizes=\"auto, 250px\"\/><\/a><\/div><div class=\"sgb-item\"><a href=\"https:\/\/alquilerdecarpasquitoecuador.com\/catalogo\/vajilla\/vajillas2\/\" target=\"_blank\"><img loading=\"lazy\" decoding=\"async\" alt=\"\" width=\"300\" height=\"224\" loading=\"lazy\" src=\"https:\/\/alquilerdecarpasquitoecuador.com\/wp-content\/uploads\/2025\/03\/vajillas2-300x224.jpg\" srcset=\"https:\/\/alquilerdecarpasquitoecuador.com\/wp-content\/uploads\/2025\/03\/vajillas2-300x224.jpg 300w,https:\/\/alquilerdecarpasquitoecuador.com\/wp-content\/uploads\/2025\/03\/vajillas2.jpg 890w\" sizes=\"auto, 250px\"\/><\/a><\/div><div class=\"sgb-item\"><a href=\"https:\/\/alquilerdecarpasquitoecuador.com\/catalogo\/vajilla\/vajillas1\/\" target=\"_blank\"><img loading=\"lazy\" decoding=\"async\" alt=\"\" width=\"300\" height=\"224\" loading=\"lazy\" src=\"https:\/\/alquilerdecarpasquitoecuador.com\/wp-content\/uploads\/2025\/03\/vajillas1-300x224.jpg\" srcset=\"https:\/\/alquilerdecarpasquitoecuador.com\/wp-content\/uploads\/2025\/03\/vajillas1-300x224.jpg 300w,https:\/\/alquilerdecarpasquitoecuador.com\/wp-content\/uploads\/2025\/03\/vajillas1.jpg 890w\" sizes=\"auto, 250px\"\/><\/a><\/div><\/div><\/div><script type=\"application\/json\" class=\"sgb-data\">{\"collectionColumns\":2,\"externalLink\":false,\"captions\":false,\"collectionThumbSubMenuDownload\":false,\"collectionThumbSubMenuShare\":false,\"galleryType\":\"pgc_sgb_masonry\",\"galleryId\":\"c8c48968\",\"images\":[{\"id\":61629,\"title\":\"vajillas7\",\"url\":\"https:\/\/alquilerdecarpasquitoecuador.com\/wp-content\/uploads\/2025\/03\/vajillas7.jpg\",\"link\":\"https:\/\/alquilerdecarpasquitoecuador.com\/catalogo\/vajilla\/vajillas7\/\",\"alt\":\"\",\"description\":\"\",\"caption\":\"\",\"mime\":\"image\/jpeg\",\"type\":\"image\",\"width\":890,\"height\":664,\"sizes\":{\"thumbnail\":{\"height\":150,\"width\":150,\"url\":\"https:\/\/alquilerdecarpasquitoecuador.com\/wp-content\/uploads\/2025\/03\/vajillas7-150x150.jpg\",\"orientation\":\"landscape\"},\"medium\":{\"height\":224,\"width\":300,\"url\":\"https:\/\/alquilerdecarpasquitoecuador.com\/wp-content\/uploads\/2025\/03\/vajillas7-300x224.jpg\",\"orientation\":\"landscape\"},\"full\":{\"url\":\"https:\/\/alquilerdecarpasquitoecuador.com\/wp-content\/uploads\/2025\/03\/vajillas7.jpg\",\"height\":664,\"width\":890,\"orientation\":\"landscape\"}},\"imageMeta\":{\"aperture\":\"0\",\"credit\":\"\",\"camera\":\"\",\"caption\":\"\",\"created_timestamp\":\"0\",\"copyright\":\"\",\"focal_length\":\"0\",\"iso\":\"0\",\"shutter_speed\":\"0\",\"title\":\"\",\"orientation\":\"1\",\"keywords\":[]},\"meta\":false,\"postlink\":\"https:\/\/alquilerdecarpasquitoecuador.com\/catalogo\/vajilla\/vajillas7\/\"},{\"id\":61630,\"title\":\"vajillas6\",\"url\":\"https:\/\/alquilerdecarpasquitoecuador.com\/wp-content\/uploads\/2025\/03\/vajillas6.jpg\",\"link\":\"https:\/\/alquilerdecarpasquitoecuador.com\/catalogo\/vajilla\/vajillas6\/\",\"alt\":\"\",\"description\":\"\",\"caption\":\"\",\"mime\":\"image\/jpeg\",\"type\":\"image\",\"width\":890,\"height\":664,\"sizes\":{\"thumbnail\":{\"height\":150,\"width\":150,\"url\":\"https:\/\/alquilerdecarpasquitoecuador.com\/wp-content\/uploads\/2025\/03\/vajillas6-150x150.jpg\",\"orientation\":\"landscape\"},\"medium\":{\"height\":224,\"width\":300,\"url\":\"https:\/\/alquilerdecarpasquitoecuador.com\/wp-content\/uploads\/2025\/03\/vajillas6-300x224.jpg\",\"orientation\":\"landscape\"},\"full\":{\"url\":\"https:\/\/alquilerdecarpasquitoecuador.com\/wp-content\/uploads\/2025\/03\/vajillas6.jpg\",\"height\":664,\"width\":890,\"orientation\":\"landscape\"}},\"imageMeta\":{\"aperture\":\"0\",\"credit\":\"\",\"camera\":\"\",\"caption\":\"\",\"created_timestamp\":\"0\",\"copyright\":\"\",\"focal_length\":\"0\",\"iso\":\"0\",\"shutter_speed\":\"0\",\"title\":\"\",\"orientation\":\"1\",\"keywords\":[]},\"meta\":false,\"postlink\":\"https:\/\/alquilerdecarpasquitoecuador.com\/catalogo\/vajilla\/vajillas6\/\"},{\"id\":61632,\"title\":\"vajillas4\",\"url\":\"https:\/\/alquilerdecarpasquitoecuador.com\/wp-content\/uploads\/2025\/03\/vajillas4.jpg\",\"link\":\"https:\/\/alquilerdecarpasquitoecuador.com\/catalogo\/vajilla\/vajillas4\/\",\"alt\":\"\",\"description\":\"\",\"caption\":\"\",\"mime\":\"image\/jpeg\",\"type\":\"image\",\"width\":890,\"height\":664,\"sizes\":{\"thumbnail\":{\"height\":150,\"width\":150,\"url\":\"https:\/\/alquilerdecarpasquitoecuador.com\/wp-content\/uploads\/2025\/03\/vajillas4-150x150.jpg\",\"orientation\":\"landscape\"},\"medium\":{\"height\":224,\"width\":300,\"url\":\"https:\/\/alquilerdecarpasquitoecuador.com\/wp-content\/uploads\/2025\/03\/vajillas4-300x224.jpg\",\"orientation\":\"landscape\"},\"full\":{\"url\":\"https:\/\/alquilerdecarpasquitoecuador.com\/wp-content\/uploads\/2025\/03\/vajillas4.jpg\",\"height\":664,\"width\":890,\"orientation\":\"landscape\"}},\"imageMeta\":{\"aperture\":\"0\",\"credit\":\"\",\"camera\":\"\",\"caption\":\"\",\"created_timestamp\":\"0\",\"copyright\":\"\",\"focal_length\":\"0\",\"iso\":\"0\",\"shutter_speed\":\"0\",\"title\":\"\",\"orientation\":\"1\",\"keywords\":[]},\"meta\":false,\"postlink\":\"https:\/\/alquilerdecarpasquitoecuador.com\/catalogo\/vajilla\/vajillas4\/\"},{\"id\":61633,\"title\":\"vajillas3\",\"url\":\"https:\/\/alquilerdecarpasquitoecuador.com\/wp-content\/uploads\/2025\/03\/vajillas3.jpg\",\"link\":\"https:\/\/alquilerdecarpasquitoecuador.com\/catalogo\/vajilla\/vajillas3\/\",\"alt\":\"\",\"description\":\"\",\"caption\":\"\",\"mime\":\"image\/jpeg\",\"type\":\"image\",\"width\":890,\"height\":664,\"sizes\":{\"thumbnail\":{\"height\":150,\"width\":150,\"url\":\"https:\/\/alquilerdecarpasquitoecuador.com\/wp-content\/uploads\/2025\/03\/vajillas3-150x150.jpg\",\"orientation\":\"landscape\"},\"medium\":{\"height\":224,\"width\":300,\"url\":\"https:\/\/alquilerdecarpasquitoecuador.com\/wp-content\/uploads\/2025\/03\/vajillas3-300x224.jpg\",\"orientation\":\"landscape\"},\"full\":{\"url\":\"https:\/\/alquilerdecarpasquitoecuador.com\/wp-content\/uploads\/2025\/03\/vajillas3.jpg\",\"height\":664,\"width\":890,\"orientation\":\"landscape\"}},\"imageMeta\":{\"aperture\":\"0\",\"credit\":\"\",\"camera\":\"\",\"caption\":\"\",\"created_timestamp\":\"0\",\"copyright\":\"\",\"focal_length\":\"0\",\"iso\":\"0\",\"shutter_speed\":\"0\",\"title\":\"\",\"orientation\":\"1\",\"keywords\":[]},\"meta\":false,\"postlink\":\"https:\/\/alquilerdecarpasquitoecuador.com\/catalogo\/vajilla\/vajillas3\/\"},{\"id\":61634,\"title\":\"vajillas2\",\"url\":\"https:\/\/alquilerdecarpasquitoecuador.com\/wp-content\/uploads\/2025\/03\/vajillas2.jpg\",\"link\":\"https:\/\/alquilerdecarpasquitoecuador.com\/catalogo\/vajilla\/vajillas2\/\",\"alt\":\"\",\"description\":\"\",\"caption\":\"\",\"mime\":\"image\/jpeg\",\"type\":\"image\",\"width\":890,\"height\":664,\"sizes\":{\"thumbnail\":{\"height\":150,\"width\":150,\"url\":\"https:\/\/alquilerdecarpasquitoecuador.com\/wp-content\/uploads\/2025\/03\/vajillas2-150x150.jpg\",\"orientation\":\"landscape\"},\"medium\":{\"height\":224,\"width\":300,\"url\":\"https:\/\/alquilerdecarpasquitoecuador.com\/wp-content\/uploads\/2025\/03\/vajillas2-300x224.jpg\",\"orientation\":\"landscape\"},\"full\":{\"url\":\"https:\/\/alquilerdecarpasquitoecuador.com\/wp-content\/uploads\/2025\/03\/vajillas2.jpg\",\"height\":664,\"width\":890,\"orientation\":\"landscape\"}},\"imageMeta\":{\"aperture\":\"0\",\"credit\":\"\",\"camera\":\"\",\"caption\":\"\",\"created_timestamp\":\"0\",\"copyright\":\"\",\"focal_length\":\"0\",\"iso\":\"0\",\"shutter_speed\":\"0\",\"title\":\"\",\"orientation\":\"1\",\"keywords\":[]},\"meta\":false,\"postlink\":\"https:\/\/alquilerdecarpasquitoecuador.com\/catalogo\/vajilla\/vajillas2\/\"},{\"id\":61635,\"title\":\"vajillas1\",\"url\":\"https:\/\/alquilerdecarpasquitoecuador.com\/wp-content\/uploads\/2025\/03\/vajillas1.jpg\",\"link\":\"https:\/\/alquilerdecarpasquitoecuador.com\/catalogo\/vajilla\/vajillas1\/\",\"alt\":\"\",\"description\":\"\",\"caption\":\"\",\"mime\":\"image\/jpeg\",\"type\":\"image\",\"width\":890,\"height\":664,\"sizes\":{\"thumbnail\":{\"height\":150,\"width\":150,\"url\":\"https:\/\/alquilerdecarpasquitoecuador.com\/wp-content\/uploads\/2025\/03\/vajillas1-150x150.jpg\",\"orientation\":\"landscape\"},\"medium\":{\"height\":224,\"width\":300,\"url\":\"https:\/\/alquilerdecarpasquitoecuador.com\/wp-content\/uploads\/2025\/03\/vajillas1-300x224.jpg\",\"orientation\":\"landscape\"},\"full\":{\"url\":\"https:\/\/alquilerdecarpasquitoecuador.com\/wp-content\/uploads\/2025\/03\/vajillas1.jpg\",\"height\":664,\"width\":890,\"orientation\":\"landscape\"}},\"imageMeta\":{\"aperture\":\"0\",\"credit\":\"\",\"camera\":\"\",\"caption\":\"\",\"created_timestamp\":\"0\",\"copyright\":\"\",\"focal_length\":\"0\",\"iso\":\"0\",\"shutter_speed\":\"0\",\"title\":\"\",\"orientation\":\"1\",\"keywords\":[]},\"meta\":false,\"postlink\":\"https:\/\/alquilerdecarpasquitoecuador.com\/catalogo\/vajilla\/vajillas1\/\"}],\"sliderItemTitleEnable\":false,\"sliderSlideshow\":false,\"sliderSocialShareEnabled\":false,\"sliderFullscreenEnabled\":false,\"metadata\":{\"categories\":[],\"patternName\":\"core\/block\/61523\",\"name\":\"Galeria Servicios\"},\"TrpContentRestriction\":{\"restriction_type\":\"exclude\",\"selected_languages\":[],\"panel_open\":true},\"itemsMetaDataCollection\":[]}<\/script><script>(function(){if(window.PGC_SGB && window.PGC_SGB.searcher){window.PGC_SGB.searcher.initBlocks()}})()<\/script><\/div>\n\n\n<p><\/p>\n","protected":false},"excerpt":{"rendered":"<p>Contamos con una amplia gama de vajillas, desde dise\u00f1os cl\u00e1sicos hasta modernos, cada pieza est\u00e1 pensada para realzar la presentaci\u00f3n del men\u00fa y armonizar con cualquier tipo de mesa. Desde $0.12.<\/p>\n","protected":false},"author":2,"featured_media":61312,"comment_status":"closed","ping_status":"closed","template":"","cpt_portfolio_group":[295],"class_list":["post-61564","cpt_portfolio","type-cpt_portfolio","status-publish","has-post-thumbnail","hentry","cpt_portfolio_group-gallery"],"_links":{"self":[{"href":"https:\/\/alquilerdecarpasquitoecuador.com\/es\/wp-json\/wp\/v2\/cpt_portfolio\/61564","targetHints":{"allow":["GET"]}}],"collection":[{"href":"https:\/\/alquilerdecarpasquitoecuador.com\/es\/wp-json\/wp\/v2\/cpt_portfolio"}],"about":[{"href":"https:\/\/alquilerdecarpasquitoecuador.com\/es\/wp-json\/wp\/v2\/types\/cpt_portfolio"}],"author":[{"embeddable":true,"href":"https:\/\/alquilerdecarpasquitoecuador.com\/es\/wp-json\/wp\/v2\/users\/2"}],"replies":[{"embeddable":true,"href":"https:\/\/alquilerdecarpasquitoecuador.com\/es\/wp-json\/wp\/v2\/comments?post=61564"}],"wp:featuredmedia":[{"embeddable":true,"href":"https:\/\/alquilerdecarpasquitoecuador.com\/es\/wp-json\/wp\/v2\/media\/61312"}],"wp:attachment":[{"href":"https:\/\/alquilerdecarpasquitoecuador.com\/es\/wp-json\/wp\/v2\/media?parent=61564"}],"wp:term":[{"taxonomy":"cpt_portfolio_group","embeddable":true,"href":"https:\/\/alquilerdecarpasquitoecuador.com\/es\/wp-json\/wp\/v2\/cpt_portfolio_group?post=61564"}],"curies":[{"name":"wp","href":"https:\/\/api.w.org\/{rel}","templated":true}]}}